{"id":3745,"date":"2026-05-29T08:05:27","date_gmt":"2026-05-29T06:05:27","guid":{"rendered":"https:\/\/aliciapilates.com\/horaris\/"},"modified":"2026-09-02T21:03:36","modified_gmt":"2026-09-02T19:03:36","slug":"horaris","status":"publish","type":"page","link":"https:\/\/aliciapilates.com\/ca\/horaris\/","title":{"rendered":"HORARIS"},"content":{"rendered":"\t\t<div data-elementor-type=\"wp-page\" data-elementor-id=\"3745\" class=\"elementor elementor-3745 elementor-636\" data-elementor-post-type=\"page\">\n\t\t\t\t<div class=\"elementor-element elementor-element-d6b13c7 e-flex e-con-boxed e-con e-parent\" data-id=\"d6b13c7\" data-element_type=\"container\" data-e-type=\"container\" data-settings=\"{&quot;background_background&quot;:&quot;classic&quot;}\">\n\t\t\t\t\t<div class=\"e-con-inner\">\n\t\t\t\t<div class=\"elementor-element elementor-element-7da2d602 animated-slow elementor-widget__width-initial elementor-widget-laptop__width-initial elementor-invisible elementor-widget elementor-widget-heading\" data-id=\"7da2d602\" data-element_type=\"widget\" data-e-type=\"widget\" data-settings=\"{&quot;_animation&quot;:&quot;fadeIn&quot;}\" data-widget_type=\"heading.default\">\n\t\t\t\t\t<h2 class=\"elementor-heading-title elementor-size-default\">HORARIS<\/h2>\t\t\t\t<\/div>\n\t\t<div class=\"elementor-element elementor-element-4933595 e-con-full e-flex e-con e-child\" data-id=\"4933595\" data-element_type=\"container\" data-e-type=\"container\" data-settings=\"{&quot;background_background&quot;:&quot;classic&quot;}\">\n\t\t<div class=\"elementor-element elementor-element-51e8ea2 e-con-full e-flex e-con e-child\" data-id=\"51e8ea2\" data-element_type=\"container\" data-e-type=\"container\">\n\t\t<div class=\"elementor-element elementor-element-a2d6c75 animated-slow e-con-full e-flex elementor-invisible e-con e-child\" data-id=\"a2d6c75\" data-element_type=\"container\" data-e-type=\"container\" data-settings=\"{&quot;animation&quot;:&quot;fadeInUp&quot;,&quot;animation_delay&quot;:150}\">\n\t\t\t\t<div class=\"elementor-element elementor-element-b613953 elementor-vertical-align-top elementor-widget elementor-widget-image-box\" data-id=\"b613953\" data-element_type=\"widget\" data-e-type=\"widget\" data-widget_type=\"image-box.default\">\n\t\t\t\t\t<div class=\"elementor-image-box-wrapper\"><div class=\"elementor-image-box-content\"><h3 class=\"elementor-image-box-title\">PILATES TERRA<\/h3><\/div><\/div>\t\t\t\t<\/div>\n\t\t\t\t<div class=\"elementor-element elementor-element-58158329 elementor-widget elementor-widget-text-editor\" data-id=\"58158329\" data-element_type=\"widget\" data-e-type=\"widget\" data-widget_type=\"text-editor.default\">\n\t\t\t\t\t\t\t\t\t<p><strong>DILLUNS I DIMECRES<\/strong><\/p><p>9.30 H &#8211; 10.30 H<br \/>18.30 H &#8211; 19.30 H<\/p>\t\t\t\t\t\t\t\t<\/div>\n\t\t\t\t<div class=\"elementor-element elementor-element-8f38dfc elementor-widget elementor-widget-text-editor\" data-id=\"8f38dfc\" data-element_type=\"widget\" data-e-type=\"widget\" data-widget_type=\"text-editor.default\">\n\t\t\t\t\t\t\t\t\t<p><strong>DIMARTS I DIJOUS<\/strong><\/p><p>18.00 H &#8211; 19.00 H<\/p>\t\t\t\t\t\t\t\t<\/div>\n\t\t\t\t<div class=\"elementor-element elementor-element-83626e9 elementor-align-justify elementor-widget elementor-widget-button\" data-id=\"83626e9\" data-element_type=\"widget\" data-e-type=\"widget\" data-widget_type=\"button.default\">\n\t\t\t\t\t\t\t\t\t\t<a class=\"elementor-button elementor-button-link elementor-size-sm\" href=\"https:\/\/appaliciapilates.viday.es\/inicio\">\n\t\t\t\t\t\t<span class=\"elementor-button-content-wrapper\">\n\t\t\t\t\t\t\t\t\t<span class=\"elementor-button-text\">RESERVA UNA CLASSE<\/span>\n\t\t\t\t\t<\/span>\n\t\t\t\t\t<\/a>\n\t\t\t\t\t\t\t\t<\/div>\n\t\t\t\t<\/div>\n\t\t<div class=\"elementor-element elementor-element-b04da4f animated-slow e-con-full e-flex elementor-invisible e-con e-child\" data-id=\"b04da4f\" data-element_type=\"container\" data-e-type=\"container\" data-settings=\"{&quot;animation&quot;:&quot;fadeInUp&quot;,&quot;animation_delay&quot;:150}\">\n\t\t\t\t<div class=\"elementor-element elementor-element-c021ecf elementor-vertical-align-top elementor-widget elementor-widget-image-box\" data-id=\"c021ecf\" data-element_type=\"widget\" data-e-type=\"widget\" data-widget_type=\"image-box.default\">\n\t\t\t\t\t<div class=\"elementor-image-box-wrapper\"><div class=\"elementor-image-box-content\"><h3 class=\"elementor-image-box-title\">PSH<br \/>+Suspensi\u00f3<\/h3><\/div><\/div>\t\t\t\t<\/div>\n\t\t\t\t<div class=\"elementor-element elementor-element-df2e44e elementor-widget elementor-widget-text-editor\" data-id=\"df2e44e\" data-element_type=\"widget\" data-e-type=\"widget\" data-widget_type=\"text-editor.default\">\n\t\t\t\t\t\t\t\t\t<p><strong>DILLUNS<\/strong><\/p><p>18.30 H  <\/p><p>19.30 H<\/p>\t\t\t\t\t\t\t\t<\/div>\n\t\t\t\t<div class=\"elementor-element elementor-element-bb69260 elementor-align-justify elementor-widget elementor-widget-button\" data-id=\"bb69260\" data-element_type=\"widget\" data-e-type=\"widget\" data-widget_type=\"button.default\">\n\t\t\t\t\t\t\t\t\t\t<a class=\"elementor-button elementor-button-link elementor-size-sm\" href=\"https:\/\/appaliciapilates.viday.es\/inicio\">\n\t\t\t\t\t\t<span class=\"elementor-button-content-wrapper\">\n\t\t\t\t\t\t\t\t\t<span class=\"elementor-button-text\">RESERVA UNA CLASSE<\/span>\n\t\t\t\t\t<\/span>\n\t\t\t\t\t<\/a>\n\t\t\t\t\t\t\t\t<\/div>\n\t\t\t\t<\/div>\n\t\t<div class=\"elementor-element elementor-element-ec750ce animated-slow e-con-full e-flex elementor-invisible e-con e-child\" data-id=\"ec750ce\" data-element_type=\"container\" data-e-type=\"container\" data-settings=\"{&quot;animation&quot;:&quot;fadeInUp&quot;,&quot;animation_delay&quot;:150}\">\n\t\t\t\t<div class=\"elementor-element elementor-element-0626da0 elementor-vertical-align-top elementor-widget elementor-widget-image-box\" data-id=\"0626da0\" data-element_type=\"widget\" data-e-type=\"widget\" data-widget_type=\"image-box.default\">\n\t\t\t\t\t<div class=\"elementor-image-box-wrapper\"><div class=\"elementor-image-box-content\"><h3 class=\"elementor-image-box-title\">ENTRENAMENT FUNCIONAL<\/h3><\/div><\/div>\t\t\t\t<\/div>\n\t\t\t\t<div class=\"elementor-element elementor-element-429d86f elementor-widget elementor-widget-text-editor\" data-id=\"429d86f\" data-element_type=\"widget\" data-e-type=\"widget\" data-widget_type=\"text-editor.default\">\n\t\t\t\t\t\t\t\t\t<p><strong>DIMARTS<\/strong><\/p><p>18.00 H &#8211; 19.00 H<\/p>\t\t\t\t\t\t\t\t<\/div>\n\t\t\t\t<div class=\"elementor-element elementor-element-742f548 elementor-align-justify elementor-widget elementor-widget-button\" data-id=\"742f548\" data-element_type=\"widget\" data-e-type=\"widget\" data-widget_type=\"button.default\">\n\t\t\t\t\t\t\t\t\t\t<a class=\"elementor-button elementor-button-link elementor-size-sm\" href=\"https:\/\/appaliciapilates.viday.es\/inicio\">\n\t\t\t\t\t\t<span class=\"elementor-button-content-wrapper\">\n\t\t\t\t\t\t\t\t\t<span class=\"elementor-button-text\">RESERVA UNA CLASSE<\/span>\n\t\t\t\t\t<\/span>\n\t\t\t\t\t<\/a>\n\t\t\t\t\t\t\t\t<\/div>\n\t\t\t\t<\/div>\n\t\t<div class=\"elementor-element elementor-element-8e90f05 animated-slow e-con-full e-flex elementor-invisible e-con e-child\" data-id=\"8e90f05\" data-element_type=\"container\" data-e-type=\"container\" data-settings=\"{&quot;animation&quot;:&quot;fadeInUp&quot;,&quot;animation_delay&quot;:150}\">\n\t\t\t\t<div class=\"elementor-element elementor-element-3cf9232 elementor-vertical-align-top elementor-widget elementor-widget-image-box\" data-id=\"3cf9232\" data-element_type=\"widget\" data-e-type=\"widget\" data-widget_type=\"image-box.default\">\n\t\t\t\t\t<div class=\"elementor-image-box-wrapper\"><div class=\"elementor-image-box-content\"><h3 class=\"elementor-image-box-title\">IOGA<\/h3><\/div><\/div>\t\t\t\t<\/div>\n\t\t\t\t<div class=\"elementor-element elementor-element-152f496 elementor-widget elementor-widget-text-editor\" data-id=\"152f496\" data-element_type=\"widget\" data-e-type=\"widget\" data-widget_type=\"text-editor.default\">\n\t\t\t\t\t\t\t\t\t<p><strong>DIMARTS I DIJOUS<\/strong><\/p><p>09.30 H  <\/p>\t\t\t\t\t\t\t\t<\/div>\n\t\t\t\t<div class=\"elementor-element elementor-element-766488d elementor-align-justify elementor-widget elementor-widget-button\" data-id=\"766488d\" data-element_type=\"widget\" data-e-type=\"widget\" data-widget_type=\"button.default\">\n\t\t\t\t\t\t\t\t\t\t<a class=\"elementor-button elementor-button-link elementor-size-sm\" href=\"https:\/\/appaliciapilates.viday.es\/inicio\">\n\t\t\t\t\t\t<span class=\"elementor-button-content-wrapper\">\n\t\t\t\t\t\t\t\t\t<span class=\"elementor-button-text\">RESERVA UNA CLASSE<\/span>\n\t\t\t\t\t<\/span>\n\t\t\t\t\t<\/a>\n\t\t\t\t\t\t\t\t<\/div>\n\t\t\t\t<\/div>\n\t\t<div class=\"elementor-element elementor-element-6aa08f2 animated-slow e-con-full e-flex elementor-invisible e-con e-child\" data-id=\"6aa08f2\" data-element_type=\"container\" data-e-type=\"container\" data-settings=\"{&quot;animation&quot;:&quot;fadeInUp&quot;,&quot;animation_delay&quot;:150}\">\n\t\t\t\t<div class=\"elementor-element elementor-element-43fb5db elementor-vertical-align-top elementor-widget elementor-widget-image-box\" data-id=\"43fb5db\" data-element_type=\"widget\" data-e-type=\"widget\" data-widget_type=\"image-box.default\">\n\t\t\t\t\t<div class=\"elementor-image-box-wrapper\"><div class=\"elementor-image-box-content\"><h3 class=\"elementor-image-box-title\">HIPOPRESSIUS<\/h3><\/div><\/div>\t\t\t\t<\/div>\n\t\t\t\t<div class=\"elementor-element elementor-element-9a28074 elementor-widget elementor-widget-text-editor\" data-id=\"9a28074\" data-element_type=\"widget\" data-e-type=\"widget\" data-widget_type=\"text-editor.default\">\n\t\t\t\t\t\t\t\t\t<p><strong>DIJOUS<\/strong><\/p><p>19.00 H<\/p>\t\t\t\t\t\t\t\t<\/div>\n\t\t\t\t<div class=\"elementor-element elementor-element-e0aea8a elementor-align-justify elementor-widget elementor-widget-button\" data-id=\"e0aea8a\" data-element_type=\"widget\" data-e-type=\"widget\" data-widget_type=\"button.default\">\n\t\t\t\t\t\t\t\t\t\t<a class=\"elementor-button elementor-button-link elementor-size-sm\" href=\"https:\/\/appaliciapilates.viday.es\/inicio\">\n\t\t\t\t\t\t<span class=\"elementor-button-content-wrapper\">\n\t\t\t\t\t\t\t\t\t<span class=\"elementor-button-text\">RESERVA UNA CLASSE<\/span>\n\t\t\t\t\t<\/span>\n\t\t\t\t\t<\/a>\n\t\t\t\t\t\t\t\t<\/div>\n\t\t\t\t<\/div>\n\t\t\t\t<\/div>\n\t\t\t\t<\/div>\n\t\t\t\t\t<\/div>\n\t\t\t\t<\/div>\n\t\t\t\t<\/div>\n\t\t","protected":false},"excerpt":{"rendered":"<p>HORARIS PILATES TERRA DILLUNS I DIMECRES 9.30 H &#8211; 10.30 H18.30 H &#8211; 19.30 H DIMARTS I DIJOUS 18.00 H &#8211; 19.00 H RESERVA UNA CLASSE PSH+Suspensi\u00f3 DILLUNS 18.30 H 19.30 H RESERVA UNA CLASSE ENTRENAMENT FUNCIONAL DIMARTS 18.00 H &#8211; 19.00 H RESERVA UNA CLASSE IOGA DIMARTS I DIJOUS 09.30 H RESERVA UNA CLASSE [&hellip;]<\/p>\n","protected":false},"author":1,"featured_media":0,"parent":0,"menu_order":0,"comment_status":"closed","ping_status":"closed","template":"","meta":{"footnotes":""},"class_list":["post-3745","page","type-page","status-publish","hentry"],"yoast_head":"<!-- This site is optimized with the Yoast SEO plugin v28.4 - https:\/\/yoast.com\/product\/yoast-seo-wordpress\/ -->\n<title>HORARIS - Alicia Pilates<\/title>\n<meta name=\"robots\" content=\"index, follow, max-snippet:-1, max-image-preview:large, max-video-preview:-1\" \/>\n<link rel=\"canonical\" href=\"https:\/\/aliciapilates.com\/ca\/horaris\/\" \/>\n<meta property=\"og:locale\" content=\"ca_ES\" \/>\n<meta property=\"og:type\" content=\"article\" \/>\n<meta property=\"og:title\" content=\"HORARIS - Alicia Pilates\" \/>\n<meta property=\"og:description\" content=\"HORARIS PILATES TERRA DILLUNS I DIMECRES 9.30 H &#8211; 10.30 H18.30 H &#8211; 19.30 H DIMARTS I DIJOUS 18.00 H &#8211; 19.00 H RESERVA UNA CLASSE PSH+Suspensi\u00f3 DILLUNS 18.30 H 19.30 H RESERVA UNA CLASSE ENTRENAMENT FUNCIONAL DIMARTS 18.00 H &#8211; 19.00 H RESERVA UNA CLASSE IOGA DIMARTS I DIJOUS 09.30 H RESERVA UNA CLASSE [&hellip;]\" \/>\n<meta property=\"og:url\" content=\"https:\/\/aliciapilates.com\/ca\/horaris\/\" \/>\n<meta property=\"og:site_name\" content=\"Alicia Pilates\" \/>\n<meta property=\"article:publisher\" content=\"https:\/\/www.facebook.com\/aliciapilatesalaro\/\" \/>\n<meta property=\"article:modified_time\" content=\"2026-09-02T19:03:36+00:00\" \/>\n<meta property=\"og:image\" content=\"https:\/\/aliciapilates.com\/wp-content\/uploads\/2026\/06\/cropped-logo-ALICIA-PILATES_horiz_azul-Recuperado-2.png\" \/>\n\t<meta property=\"og:image:width\" content=\"625\" \/>\n\t<meta property=\"og:image:height\" content=\"107\" \/>\n\t<meta property=\"og:image:type\" content=\"image\/png\" \/>\n<meta name=\"twitter:card\" content=\"summary_large_image\" \/>\n<meta name=\"twitter:label1\" content=\"Temps estimat de lectura\" \/>\n\t<meta name=\"twitter:data1\" content=\"1 minut\" \/>\n<script type=\"application\/ld+json\" class=\"yoast-schema-graph\">{\"@context\":\"https:\\\/\\\/schema.org\",\"@graph\":[{\"@type\":\"WebPage\",\"@id\":\"https:\\\/\\\/aliciapilates.com\\\/ca\\\/horaris\\\/\",\"url\":\"https:\\\/\\\/aliciapilates.com\\\/ca\\\/horaris\\\/\",\"name\":\"HORARIS - Alicia Pilates\",\"isPartOf\":{\"@id\":\"https:\\\/\\\/aliciapilates.com\\\/ca\\\/#website\"},\"datePublished\":\"2026-05-29T06:05:27+00:00\",\"dateModified\":\"2026-09-02T19:03:36+00:00\",\"breadcrumb\":{\"@id\":\"https:\\\/\\\/aliciapilates.com\\\/ca\\\/horaris\\\/#breadcrumb\"},\"inLanguage\":\"ca\",\"potentialAction\":[{\"@type\":\"ReadAction\",\"target\":[\"https:\\\/\\\/aliciapilates.com\\\/ca\\\/horaris\\\/\"]}]},{\"@type\":\"BreadcrumbList\",\"@id\":\"https:\\\/\\\/aliciapilates.com\\\/ca\\\/horaris\\\/#breadcrumb\",\"itemListElement\":[{\"@type\":\"ListItem\",\"position\":1,\"name\":\"Portada\",\"item\":\"https:\\\/\\\/aliciapilates.com\\\/ca\\\/inici\\\/\"},{\"@type\":\"ListItem\",\"position\":2,\"name\":\"HORARIS\"}]},{\"@type\":\"WebSite\",\"@id\":\"https:\\\/\\\/aliciapilates.com\\\/ca\\\/#website\",\"url\":\"https:\\\/\\\/aliciapilates.com\\\/ca\\\/\",\"name\":\"Alicia Pilates\",\"description\":\"Centro especializado en Pilates Reformer y Suelo en Alar\u00f3, Mallorca. Llevamos m\u00e1s de 20 a\u00f1os ayudando a personas a moverse mejor, sentirse m\u00e1s fuertes y cuidarse de verdad.\",\"publisher\":{\"@id\":\"https:\\\/\\\/aliciapilates.com\\\/ca\\\/#organization\"},\"potentialAction\":[{\"@type\":\"SearchAction\",\"target\":{\"@type\":\"EntryPoint\",\"urlTemplate\":\"https:\\\/\\\/aliciapilates.com\\\/ca\\\/?s={search_term_string}\"},\"query-input\":{\"@type\":\"PropertyValueSpecification\",\"valueRequired\":true,\"valueName\":\"search_term_string\"}}],\"inLanguage\":\"ca\"},{\"@type\":\"Organization\",\"@id\":\"https:\\\/\\\/aliciapilates.com\\\/ca\\\/#organization\",\"name\":\"Alicia Pilates\",\"url\":\"https:\\\/\\\/aliciapilates.com\\\/ca\\\/\",\"logo\":{\"@type\":\"ImageObject\",\"inLanguage\":\"ca\",\"@id\":\"https:\\\/\\\/aliciapilates.com\\\/ca\\\/#\\\/schema\\\/logo\\\/image\\\/\",\"url\":\"https:\\\/\\\/aliciapilates.com\\\/wp-content\\\/uploads\\\/2026\\\/06\\\/cropped-logo-ALICIA-PILATES_horiz_azul-Recuperado-2.png\",\"contentUrl\":\"https:\\\/\\\/aliciapilates.com\\\/wp-content\\\/uploads\\\/2026\\\/06\\\/cropped-logo-ALICIA-PILATES_horiz_azul-Recuperado-2.png\",\"width\":625,\"height\":107,\"caption\":\"Alicia Pilates\"},\"image\":{\"@id\":\"https:\\\/\\\/aliciapilates.com\\\/ca\\\/#\\\/schema\\\/logo\\\/image\\\/\"},\"sameAs\":[\"https:\\\/\\\/www.facebook.com\\\/aliciapilatesalaro\\\/\",\"https:\\\/\\\/www.instagram.com\\\/aliciapilates.alaro\\\/\"]}]}<\/script>\n<!-- \/ Yoast SEO plugin. -->","yoast_head_json":{"title":"HORARIS - Alicia Pilates","robots":{"index":"index","follow":"follow","max-snippet":"max-snippet:-1","max-image-preview":"max-image-preview:large","max-video-preview":"max-video-preview:-1"},"canonical":"https:\/\/aliciapilates.com\/ca\/horaris\/","og_locale":"ca_ES","og_type":"article","og_title":"HORARIS - Alicia Pilates","og_description":"HORARIS PILATES TERRA DILLUNS I DIMECRES 9.30 H &#8211; 10.30 H18.30 H &#8211; 19.30 H DIMARTS I DIJOUS 18.00 H &#8211; 19.00 H RESERVA UNA CLASSE PSH+Suspensi\u00f3 DILLUNS 18.30 H 19.30 H RESERVA UNA CLASSE ENTRENAMENT FUNCIONAL DIMARTS 18.00 H &#8211; 19.00 H RESERVA UNA CLASSE IOGA DIMARTS I DIJOUS 09.30 H RESERVA UNA CLASSE [&hellip;]","og_url":"https:\/\/aliciapilates.com\/ca\/horaris\/","og_site_name":"Alicia Pilates","article_publisher":"https:\/\/www.facebook.com\/aliciapilatesalaro\/","article_modified_time":"2026-09-02T19:03:36+00:00","og_image":[{"width":625,"height":107,"url":"https:\/\/aliciapilates.com\/wp-content\/uploads\/2026\/06\/cropped-logo-ALICIA-PILATES_horiz_azul-Recuperado-2.png","type":"image\/png"}],"twitter_card":"summary_large_image","twitter_misc":{"Temps estimat de lectura":"1 minut"},"schema":{"@context":"https:\/\/schema.org","@graph":[{"@type":"WebPage","@id":"https:\/\/aliciapilates.com\/ca\/horaris\/","url":"https:\/\/aliciapilates.com\/ca\/horaris\/","name":"HORARIS - Alicia Pilates","isPartOf":{"@id":"https:\/\/aliciapilates.com\/ca\/#website"},"datePublished":"2026-05-29T06:05:27+00:00","dateModified":"2026-09-02T19:03:36+00:00","breadcrumb":{"@id":"https:\/\/aliciapilates.com\/ca\/horaris\/#breadcrumb"},"inLanguage":"ca","potentialAction":[{"@type":"ReadAction","target":["https:\/\/aliciapilates.com\/ca\/horaris\/"]}]},{"@type":"BreadcrumbList","@id":"https:\/\/aliciapilates.com\/ca\/horaris\/#breadcrumb","itemListElement":[{"@type":"ListItem","position":1,"name":"Portada","item":"https:\/\/aliciapilates.com\/ca\/inici\/"},{"@type":"ListItem","position":2,"name":"HORARIS"}]},{"@type":"WebSite","@id":"https:\/\/aliciapilates.com\/ca\/#website","url":"https:\/\/aliciapilates.com\/ca\/","name":"Alicia Pilates","description":"Centro especializado en Pilates Reformer y Suelo en Alar\u00f3, Mallorca. Llevamos m\u00e1s de 20 a\u00f1os ayudando a personas a moverse mejor, sentirse m\u00e1s fuertes y cuidarse de verdad.","publisher":{"@id":"https:\/\/aliciapilates.com\/ca\/#organization"},"potentialAction":[{"@type":"SearchAction","target":{"@type":"EntryPoint","urlTemplate":"https:\/\/aliciapilates.com\/ca\/?s={search_term_string}"},"query-input":{"@type":"PropertyValueSpecification","valueRequired":true,"valueName":"search_term_string"}}],"inLanguage":"ca"},{"@type":"Organization","@id":"https:\/\/aliciapilates.com\/ca\/#organization","name":"Alicia Pilates","url":"https:\/\/aliciapilates.com\/ca\/","logo":{"@type":"ImageObject","inLanguage":"ca","@id":"https:\/\/aliciapilates.com\/ca\/#\/schema\/logo\/image\/","url":"https:\/\/aliciapilates.com\/wp-content\/uploads\/2026\/06\/cropped-logo-ALICIA-PILATES_horiz_azul-Recuperado-2.png","contentUrl":"https:\/\/aliciapilates.com\/wp-content\/uploads\/2026\/06\/cropped-logo-ALICIA-PILATES_horiz_azul-Recuperado-2.png","width":625,"height":107,"caption":"Alicia Pilates"},"image":{"@id":"https:\/\/aliciapilates.com\/ca\/#\/schema\/logo\/image\/"},"sameAs":["https:\/\/www.facebook.com\/aliciapilatesalaro\/","https:\/\/www.instagram.com\/aliciapilates.alaro\/"]}]}},"_links":{"self":[{"href":"https:\/\/aliciapilates.com\/ca\/wp-json\/wp\/v2\/pages\/3745","targetHints":{"allow":["GET"]}}],"collection":[{"href":"https:\/\/aliciapilates.com\/ca\/wp-json\/wp\/v2\/pages"}],"about":[{"href":"https:\/\/aliciapilates.com\/ca\/wp-json\/wp\/v2\/types\/page"}],"author":[{"embeddable":true,"href":"https:\/\/aliciapilates.com\/ca\/wp-json\/wp\/v2\/users\/1"}],"replies":[{"embeddable":true,"href":"https:\/\/aliciapilates.com\/ca\/wp-json\/wp\/v2\/comments?post=3745"}],"version-history":[{"count":5,"href":"https:\/\/aliciapilates.com\/ca\/wp-json\/wp\/v2\/pages\/3745\/revisions"}],"predecessor-version":[{"id":3818,"href":"https:\/\/aliciapilates.com\/ca\/wp-json\/wp\/v2\/pages\/3745\/revisions\/3818"}],"wp:attachment":[{"href":"https:\/\/aliciapilates.com\/ca\/wp-json\/wp\/v2\/media?parent=3745"}],"curies":[{"name":"wp","href":"https:\/\/api.w.org\/{rel}","templated":true}]}}