{"id":3728,"date":"2026-05-29T08:04:11","date_gmt":"2026-05-29T06:04:11","guid":{"rendered":"https:\/\/aliciapilates.com\/sobre-nosaltres\/"},"modified":"2026-09-02T20:51:15","modified_gmt":"2026-09-02T18:51:15","slug":"sobre-nosaltres","status":"publish","type":"page","link":"https:\/\/aliciapilates.com\/ca\/sobre-nosaltres\/","title":{"rendered":"SOBRE NOSALTRES"},"content":{"rendered":"\t\t<div data-elementor-type=\"wp-page\" data-elementor-id=\"3728\" class=\"elementor elementor-3728 elementor-631\" data-elementor-post-type=\"page\">\n\t\t\t\t<div class=\"elementor-element elementor-element-6872103c e-con-full e-flex e-con e-parent\" data-id=\"6872103c\" data-element_type=\"container\" data-e-type=\"container\" data-settings=\"{&quot;background_background&quot;:&quot;classic&quot;}\">\n\t\t<div class=\"elementor-element elementor-element-42bcc4e1 e-con-full e-flex e-con e-child\" data-id=\"42bcc4e1\" data-element_type=\"container\" data-e-type=\"container\" data-settings=\"{&quot;background_background&quot;:&quot;classic&quot;}\">\n\t\t\t\t<\/div>\n\t\t<div class=\"elementor-element elementor-element-45c3b8b e-con-full e-flex e-con e-child\" data-id=\"45c3b8b\" data-element_type=\"container\" data-e-type=\"container\" data-settings=\"{&quot;background_background&quot;:&quot;classic&quot;}\">\n\t\t\t\t<div class=\"elementor-element elementor-element-2956a60f elementor-widget__width-initial elementor-widget-laptop__width-initial animated-slow elementor-invisible elementor-widget elementor-widget-heading\" data-id=\"2956a60f\" data-element_type=\"widget\" data-e-type=\"widget\" data-settings=\"{&quot;_animation&quot;:&quot;fadeIn&quot;}\" data-widget_type=\"heading.default\">\n\t\t\t\t\t<h2 class=\"elementor-heading-title elementor-size-default\">M\u00e9s de 20 anys. <b>El mateix amor \/ la mateixa passi\u00f3 per all\u00f2 que fem.<\/h2>\t\t\t\t<\/div>\n\t\t\t\t<div class=\"elementor-element elementor-element-48c2f4e elementor-widget__width-initial elementor-widget-laptop__width-initial elementor-widget-mobile__width-inherit elementor-widget elementor-widget-text-editor\" data-id=\"48c2f4e\" data-element_type=\"widget\" data-e-type=\"widget\" data-widget_type=\"text-editor.default\">\n\t\t\t\t\t\t\t\t\t<p><span style=\"font-weight: 400\">Alicia Pilates va n\u00e9ixer a Alar\u00f3 fa m\u00e9s de dues d\u00e8cades, quan<strong> Alicia G\u00f3mez va decidir ensenyar Pilates tal com l&#8217;havia apr\u00e8s: amb rigor t\u00e8cnic, sense dreceres i amb molt de carinyo<\/strong>. El que va comen\u00e7ar sent un petit estudi \u00e9s avui un referent per a persones de tota la comarca del Raiguer. <\/span><\/p>\t\t\t\t\t\t\t\t<\/div>\n\t\t\t\t<\/div>\n\t\t\t\t<\/div>\n\t\t<div class=\"elementor-element elementor-element-75622be e-flex e-con-boxed e-con e-parent\" data-id=\"75622be\" data-element_type=\"container\" data-e-type=\"container\" data-settings=\"{&quot;background_background&quot;:&quot;classic&quot;}\">\n\t\t\t\t\t<div class=\"e-con-inner\">\n\t\t<div class=\"elementor-element elementor-element-0b0427c e-flex e-con-boxed e-con e-child\" data-id=\"0b0427c\" data-element_type=\"container\" data-e-type=\"container\">\n\t\t\t\t\t<div class=\"e-con-inner\">\n\t\t\t\t<div class=\"elementor-element elementor-element-69e0038 elementor-invisible elementor-widget elementor-widget-heading\" data-id=\"69e0038\" data-element_type=\"widget\" data-e-type=\"widget\" data-settings=\"{&quot;_animation&quot;:&quot;fadeIn&quot;}\" data-widget_type=\"heading.default\">\n\t\t\t\t\t<h3 class=\"elementor-heading-title elementor-size-default\">Aqu\u00ed no venem cossos perfectes. <\/h3>\t\t\t\t<\/div>\n\t\t\t\t<div class=\"elementor-element elementor-element-cd0c40f elementor-widget elementor-widget-text-editor\" data-id=\"cd0c40f\" data-element_type=\"widget\" data-e-type=\"widget\" data-widget_type=\"text-editor.default\">\n\t\t\t\t\t\t\t\t\t<p>Oferim quelcom m\u00e9s dif\u00edcil i m\u00e9s real: la possibilitat de sortir cada dia una mica millor del que hi vas entrar. Aix\u00f2 \u00e9s el que guia la nostra metodologia, el nostre tracte i el nostre comprom\u00eds amb tu des del primer dia.<br \/> <\/p><p>Perqu\u00e8 creiem que el Pilates ben ensenyat transforma i que cada persona es mereix un espai on sentir-se cuidada de veritat.<\/p>\t\t\t\t\t\t\t\t<\/div>\n\t\t\t\t\t<\/div>\n\t\t\t\t<\/div>\n\t\t\t\t\t<\/div>\n\t\t\t\t<\/div>\n\t\t<div class=\"elementor-element elementor-element-7f79f56 e-con e-atomic-element e-flexbox-base e-abe6ab0 \" data-id=\"7f79f56\" data-element_type=\"e-flexbox\" data-e-type=\"e-flexbox\" data-interaction-id=\"7f79f56\" data-e-type=\"e-flexbox\" data-id=\"7f79f56\">\n    <div class=\"elementor-element elementor-element-521a573 e-con e-atomic-element e-flexbox-base e-b68b057 \" data-id=\"521a573\" data-element_type=\"e-flexbox\" data-e-type=\"e-flexbox\" data-interaction-id=\"521a573\" data-e-type=\"e-flexbox\" data-id=\"521a573\">\n    \t\t<div class=\"elementor-element elementor-element-1a9e500 elementor-widget elementor-widget-image\" data-id=\"1a9e500\" data-element_type=\"widget\" data-e-type=\"widget\" data-widget_type=\"image.default\">\n\t\t\t\t\t\t\t\t\t\t\t\t\t\t\t<img fetchpriority=\"high\" decoding=\"async\" width=\"683\" height=\"1024\" src=\"https:\/\/aliciapilates.com\/wp-content\/uploads\/2026\/05\/VB352B1343-683x1024.jpg\" class=\"attachment-large size-large wp-image-3654\" alt=\"\" srcset=\"https:\/\/aliciapilates.com\/wp-content\/uploads\/2026\/05\/VB352B1343-683x1024.jpg 683w, https:\/\/aliciapilates.com\/wp-content\/uploads\/2026\/05\/VB352B1343-200x300.jpg 200w, https:\/\/aliciapilates.com\/wp-content\/uploads\/2026\/05\/VB352B1343-768x1152.jpg 768w, https:\/\/aliciapilates.com\/wp-content\/uploads\/2026\/05\/VB352B1343-1024x1536.jpg 1024w, https:\/\/aliciapilates.com\/wp-content\/uploads\/2026\/05\/VB352B1343.jpg 1067w\" sizes=\"(max-width: 683px) 100vw, 683px\" \/>\t\t\t\t\t\t\t\t\t\t\t\t\t\t\t<\/div>\n\t\t\n<\/div>\n<div class=\"elementor-element elementor-element-3eafa66 e-con e-atomic-element e-flexbox-base e-a90608b \" data-id=\"3eafa66\" data-element_type=\"e-flexbox\" data-e-type=\"e-flexbox\" data-interaction-id=\"3eafa66\" data-e-type=\"e-flexbox\" data-id=\"3eafa66\">\n    \t\t<div class=\"elementor-element elementor-element-4c1b8bd elementor-invisible elementor-widget elementor-widget-heading\" data-id=\"4c1b8bd\" data-element_type=\"widget\" data-e-type=\"widget\" data-settings=\"{&quot;_animation&quot;:&quot;fadeIn&quot;}\" data-widget_type=\"heading.default\">\n\t\t\t\t\t<h3 class=\"elementor-heading-title elementor-size-default\">Alicia G\u00f3mez<\/h3>\t\t\t\t<\/div>\n\t\t\t\t<div class=\"elementor-element elementor-element-1a2df24 elementor-widget elementor-widget-text-editor\" data-id=\"1a2df24\" data-element_type=\"widget\" data-e-type=\"widget\" data-widget_type=\"text-editor.default\">\n\t\t\t\t\t\t\t\t\t<p><em><strong>Fundadora y directora<\/strong><\/em><\/p>\t\t\t\t\t\t\t\t<\/div>\n\t\t\t\t<div class=\"elementor-element elementor-element-ae44e69 elementor-widget elementor-widget-text-editor\" data-id=\"ae44e69\" data-element_type=\"widget\" data-e-type=\"widget\" data-widget_type=\"text-editor.default\">\n\t\t\t\t\t\t\t\t\t<p><span style=\"font-weight: 400\">Instructora certificada en el m\u00e8tode STOTT PILATES\u00ae, una de les escoles m\u00e9s rigoroses i completes del m\u00f3n. Fa m\u00e9s de 21 anys que ensenya a Alar\u00f3, i en aquest temps ha apr\u00e8s que el moviment m\u00e9s important no \u00e9s el que es fa en PILATES: \u00e9s el que canvia com et sents la resta del dia. <\/span><\/p><p><span style=\"font-weight: 400\">Coneix cada alumna pel seu nom. Sap com es mou, qu\u00e8 li costa i qu\u00e8 ha millorat. T\u00e9 un ull cl\u00ednic que cap aplicaci\u00f3 pot replicar, perqu\u00e8 la precisi\u00f3 no \u00e9s un detall t\u00e8cnic: \u00e9s la difer\u00e8ncia entre treballar b\u00e9 o compensar malament.  <\/span><\/p>\t\t\t\t\t\t\t\t<\/div>\n\t\t\t\t<div class=\"elementor-element elementor-element-d7df003 elementor-blockquote--skin-quotation elementor-widget elementor-widget-blockquote\" data-id=\"d7df003\" data-element_type=\"widget\" data-e-type=\"widget\" data-widget_type=\"blockquote.default\">\n\t\t\t\t\t\t\t<blockquote class=\"elementor-blockquote\">\n\t\t\t<p class=\"elementor-blockquote__content\">\n\t\t\t\t\u00abCorregir un mil\u00b7l\u00edmetre la posici\u00f3 del peu no \u00e9s una mania meva. En aquest mil\u00b7l\u00edmetre hi ha la difer\u00e8ncia entre carregar el genoll o treballar el gluti.\u00bb\n\t\t\t<\/p>\n\t\t\t\t\t<\/blockquote>\n\t\t\t\t\t\t<\/div>\n\t\t\n<\/div>\n\n<\/div>\n<div class=\"elementor-element elementor-element-a0f6540 e-con e-atomic-element e-flexbox-base e-a0f6540-e396ac7 \" data-id=\"a0f6540\" data-element_type=\"e-flexbox\" data-e-type=\"e-flexbox\" data-interaction-id=\"a0f6540\" data-e-type=\"e-flexbox\" data-id=\"a0f6540\">\n    <div class=\"elementor-element elementor-element-734d0cf e-con e-atomic-element e-flexbox-base e-734d0cf-dc94ba2 \" data-id=\"734d0cf\" data-element_type=\"e-flexbox\" data-e-type=\"e-flexbox\" data-interaction-id=\"734d0cf\" data-e-type=\"e-flexbox\" data-id=\"734d0cf\">\n    \t\t<div class=\"elementor-element elementor-element-2c81b6c elementor-invisible elementor-widget elementor-widget-heading\" data-id=\"2c81b6c\" data-element_type=\"widget\" data-e-type=\"widget\" data-settings=\"{&quot;_animation&quot;:&quot;fadeIn&quot;}\" data-widget_type=\"heading.default\">\n\t\t\t\t\t<h3 class=\"elementor-heading-title elementor-size-default\">El nostre equip<\/h3>\t\t\t\t<\/div>\n\t\t\t\t<div class=\"elementor-element elementor-element-74fee3e elementor-widget elementor-widget-text-editor\" data-id=\"74fee3e\" data-element_type=\"widget\" data-e-type=\"widget\" data-widget_type=\"text-editor.default\">\n\t\t\t\t\t\t\t\t\t<p><span style=\"font-weight: 400\">Som un equip d&#8217;instructores especialitzades en diferents disciplines, totes amb formaci\u00f3 cont\u00ednua i amb un denominador com\u00fa: ens importen les persones que tenim davant i ens importa la seva evoluci\u00f3.<\/span><\/p>\t\t\t\t\t\t\t\t<\/div>\n\t\t\n<\/div>\n<div class=\"elementor-element elementor-element-f3fbb18 e-con e-atomic-element e-flexbox-base e-f3fbb18-a625c36 \" data-id=\"f3fbb18\" data-element_type=\"e-flexbox\" data-e-type=\"e-flexbox\" data-interaction-id=\"f3fbb18\" data-e-type=\"e-flexbox\" data-id=\"f3fbb18\">\n    \t\t<div class=\"elementor-element elementor-element-ec0bc21 elementor-widget elementor-widget-image\" data-id=\"ec0bc21\" data-element_type=\"widget\" data-e-type=\"widget\" data-widget_type=\"image.default\">\n\t\t\t\t\t\t\t\t\t\t\t\t\t\t\t<img decoding=\"async\" width=\"800\" height=\"534\" src=\"https:\/\/aliciapilates.com\/wp-content\/uploads\/2026\/06\/alicia-pilates-equipo-1024x683.png\" class=\"attachment-large size-large wp-image-3727\" alt=\"\" srcset=\"https:\/\/aliciapilates.com\/wp-content\/uploads\/2026\/06\/alicia-pilates-equipo-1024x683.png 1024w, https:\/\/aliciapilates.com\/wp-content\/uploads\/2026\/06\/alicia-pilates-equipo-300x200.png 300w, https:\/\/aliciapilates.com\/wp-content\/uploads\/2026\/06\/alicia-pilates-equipo-768x512.png 768w, https:\/\/aliciapilates.com\/wp-content\/uploads\/2026\/06\/alicia-pilates-equipo.png 1264w\" sizes=\"(max-width: 800px) 100vw, 800px\" \/>\t\t\t\t\t\t\t\t\t\t\t\t\t\t\t<\/div>\n\t\t\n<\/div>\n\n<\/div>\n<div class=\"elementor-element elementor-element-76bb644 e-con e-atomic-element e-flexbox-base e-99aaa58 \" data-id=\"76bb644\" data-element_type=\"e-flexbox\" data-e-type=\"e-flexbox\" data-interaction-id=\"76bb644\" data-e-type=\"e-flexbox\" data-id=\"76bb644\">\n    <div class=\"elementor-element elementor-element-c0f2bd6 e-con e-atomic-element e-flexbox-base e-45624a9 \" data-id=\"c0f2bd6\" data-element_type=\"e-flexbox\" data-e-type=\"e-flexbox\" data-interaction-id=\"c0f2bd6\" data-e-type=\"e-flexbox\" data-id=\"c0f2bd6\">\n    \n<\/div>\n<div class=\"elementor-element elementor-element-93752c2 e-con e-atomic-element e-flexbox-base e-fd16609 \" data-id=\"93752c2\" data-element_type=\"e-flexbox\" data-e-type=\"e-flexbox\" data-interaction-id=\"93752c2\" data-e-type=\"e-flexbox\" data-id=\"93752c2\">\n    \t\t<div class=\"elementor-element elementor-element-a021dea elementor-invisible elementor-widget elementor-widget-image-box\" data-id=\"a021dea\" data-element_type=\"widget\" data-e-type=\"widget\" data-settings=\"{&quot;_animation&quot;:&quot;fadeInLeft&quot;}\" data-widget_type=\"image-box.default\">\n\t\t\t\t\t<div class=\"elementor-image-box-wrapper\"><div class=\"elementor-image-box-content\"><h4 class=\"elementor-image-box-title\">ALICIA G\u00d3MEZ<\/h4><p class=\"elementor-image-box-description\"><i>Madrilenya de naixement i alaronera d'adopci\u00f3, t\u00e8cnica superior en M\u00e0rqueting i Publicitat i, despr\u00e9s de treballar en banca durant m\u00e9s de 10 anys, decideixo fer un gir complet a la meva vida i em trasllado a Mallorca on descobreixo la meva passi\u00f3 pel Pilates.<\/i>\n<br><br><br>Curiosa per aquest m\u00e8tode conec&nbsp;<b>STOTT PILATES\u00ae, <\/b>escola canadenca de reconegut prestigi internacional on em formo i faig tots els seus cursos convertint-me en <b>Stott Pilates\u00ae Full Instructor: Reformer, Cadillac, Chair &amp; Barrels, Matwork, Injuries &amp; Special Populations, ZEN-GA\u00ae Equipment, TotalBarre, Slings Myofascial Training\u00ae.<\/b>\n<br><br><i>Des de llavors, ja fa m\u00e9s de 20 anys, imparteixo classes privades i col\u00b7lectives de Pilates terra i m\u00e0quines.<\/i>\n<br><br>Des de 2016 dirigeixo el meu propi centre&nbsp;<b>ALICIA Pilates&nbsp;<\/b> a Alar\u00f3 on continuo en formaci\u00f3 cont\u00ednua per poder oferir les darreres t\u00e8cniques de moviment i educaci\u00f3 postural:\n<br><br><b>Performance Stability Assessment and Control Motor.<\/b> Realitzat amb Kinetic Control<br>Gymstick Instructor\n<b>Redcord Active Multisuspensi\u00f3\u00ae a Akrostudio, &nbsp;<\/b>Madrid.<br><b>Certificada en T\u00e8cnica Hipopressiva <\/b>amb Low Pressure Fitness. &nbsp;Palma de Mallorca.<br><b>T\u00e8cnica Superior en Nutrici\u00f3.&nbsp;<\/b> Consell de Mallorca.<br>Nutrici\u00f3 i Diet\u00e8tica I i II, Aspectes Cl\u00ednics. &nbsp;UNED.<br>Alimentaci\u00f3 i nutrici\u00f3 en la vida activa: exercici f\u00edsic i esport. &nbsp;UNED<\/p><\/div><\/div>\t\t\t\t<\/div>\n\t\t\n<\/div>\n\n<\/div>\n<div class=\"elementor-element elementor-element-38f3807 e-con e-atomic-element e-flexbox-base e-38f3807-f357fa9 e-38f3807-f357fa9 \" data-id=\"38f3807\" data-element_type=\"e-flexbox\" data-e-type=\"e-flexbox\" data-interaction-id=\"38f3807\" data-e-type=\"e-flexbox\" data-id=\"38f3807\">\n    <div class=\"elementor-element elementor-element-67609ae e-con e-atomic-element e-flexbox-base e-67609ae-4bc0454 e-67609ae-4bc0454 \" data-id=\"67609ae\" data-element_type=\"e-flexbox\" data-e-type=\"e-flexbox\" data-interaction-id=\"67609ae\" data-e-type=\"e-flexbox\" data-id=\"67609ae\">\n    \n<\/div>\n<div class=\"elementor-element elementor-element-f6b7a79 e-con e-atomic-element e-flexbox-base e-f6b7a79-8876ae7 \" data-id=\"f6b7a79\" data-element_type=\"e-flexbox\" data-e-type=\"e-flexbox\" data-interaction-id=\"f6b7a79\" data-e-type=\"e-flexbox\" data-id=\"f6b7a79\">\n    \t\t<div class=\"elementor-element elementor-element-a8b9023 elementor-invisible elementor-widget elementor-widget-image-box\" data-id=\"a8b9023\" data-element_type=\"widget\" data-e-type=\"widget\" data-settings=\"{&quot;_animation&quot;:&quot;fadeInLeft&quot;}\" data-widget_type=\"image-box.default\">\n\t\t\t\t\t<div class=\"elementor-image-box-wrapper\"><div class=\"elementor-image-box-content\"><h4 class=\"elementor-image-box-title\">AINA PASCUAL<\/h4><p class=\"elementor-image-box-description\"><i>Vaig comen\u00e7ar amb el treball del cos des de petita cursant els meus estudis de ballarina a la Royal Academy of Dance, ballet cl\u00e0ssic. Palma de Mallorca.\n <br \/>Vaig continuar la meva formaci\u00f3 a l'Institut del Teatre en dansa contempor\u00e0nia i vaig treballar durant m\u00e9s de 10 anys com a ballarina professional en companyies com Color Dansa, La Fura dels Baus, Deambulants, Mariant\u00f2nia Oliver, Las Lolas, Res de Res, Auments, Baal...<\/i><b><br \/> <br \/>Instructora de Pilates de terra.<br \/>Certificada amb Stott Pilates. Barcelona.<br \/>Certificada en T\u00e8cnica Hipopressiva amb el m\u00e8tode Hipoxic Interval Training. Palma de Mallorca<\/b>.<br \/> <br \/><b>Actualment soc instructora de Pilates terra, Total Barre, Hipopressius i dansa contempor\u00e0nia al centre ALICIA Pilates i dirigeixo la meva pr\u00f2pia companyia de dansa vertical, Ploma.\n<\/p><\/div><\/div>\t\t\t\t<\/div>\n\t\t\n<\/div>\n\n<\/div>\n<div class=\"elementor-element elementor-element-aa5c224 e-con e-atomic-element e-flexbox-base e-aa5c224-aa5107a \" data-id=\"aa5c224\" data-element_type=\"e-flexbox\" data-e-type=\"e-flexbox\" data-interaction-id=\"aa5c224\" data-e-type=\"e-flexbox\" data-id=\"aa5c224\">\n    <div class=\"elementor-element elementor-element-3928599 e-con e-atomic-element e-flexbox-base e-3928599-402237f \" data-id=\"3928599\" data-element_type=\"e-flexbox\" data-e-type=\"e-flexbox\" data-interaction-id=\"3928599\" data-e-type=\"e-flexbox\" data-id=\"3928599\">\n    \n<\/div>\n<div class=\"elementor-element elementor-element-6c0a304 e-con e-atomic-element e-flexbox-base e-6c0a304-c418669 \" data-id=\"6c0a304\" data-element_type=\"e-flexbox\" data-e-type=\"e-flexbox\" data-interaction-id=\"6c0a304\" data-e-type=\"e-flexbox\" data-id=\"6c0a304\">\n    \t\t<div class=\"elementor-element elementor-element-84e0279 elementor-invisible elementor-widget elementor-widget-image-box\" data-id=\"84e0279\" data-element_type=\"widget\" data-e-type=\"widget\" data-settings=\"{&quot;_animation&quot;:&quot;fadeInLeft&quot;}\" data-widget_type=\"image-box.default\">\n\t\t\t\t\t<div class=\"elementor-image-box-wrapper\"><div class=\"elementor-image-box-content\"><h4 class=\"elementor-image-box-title\">ERIK CONSTANTIN<\/h4><p class=\"elementor-image-box-description\"><i>Ballar\u00ed professional format a l'Acad\u00e8mia Nacional de Ballet d'Amsterdam des de l'any 2000. <\/i><br><br>Al llarg de la meva carrera com a ballar\u00ed, vaig comprendre la import\u00e0ncia de cuidar el cos com un tot. Per millorar el meu estat f\u00edsic i mantenir el m\u00e0xim rendiment en el ball, m'endinso en el m\u00f3n del ioga i el pilates. L'impacte transformador d'aquestes pr\u00e0ctiques em va inspirar a explorar-les molt m\u00e9s a fons.   \n \n<br> <br>Despr\u00e9s d'anys captivant el p\u00fablic a l'escenari, decideixo fer la transici\u00f3 de la dansa al Pilates. Reconeixent els profunds beneficis que ofereix aquest m\u00e8tode, comen\u00e7o la meva formaci\u00f3 integral en pilates Mat i Studio a \u00abSmartbody\u00bb, Amsterdam.  \n \n<br> <br><b>Per a mi, el Pilates \u00e9s m\u00e9s que un entrenament; \u00e9s una pr\u00e0ctica profunda que enforteix i flexibilitza el cos mentre fomenta l'atenci\u00f3 plena i la connexi\u00f3 amb la respiraci\u00f3. <\/b>Amb un enfocament agut en l'alineaci\u00f3 i el control adequats del cos, ajudo els meus alumnes a trobar la claredat tant en els seus cossos com en les seves ments. \n<br> <br> El maig de 2023 s'obre un nou cap\u00edtol a la meva vida i em trasllado a Mallorca, on continuo compartint la meva passi\u00f3 amb els altres.\n<\/p><\/div><\/div>\t\t\t\t<\/div>\n\t\t\n<\/div>\n\n<\/div>\n<div class=\"elementor-element elementor-element-3887ad3 e-con e-atomic-element e-flexbox-base e-3887ad3-cbe9c6d \" data-id=\"3887ad3\" data-element_type=\"e-flexbox\" data-e-type=\"e-flexbox\" data-interaction-id=\"3887ad3\" data-e-type=\"e-flexbox\" data-id=\"3887ad3\">\n    <div class=\"elementor-element elementor-element-2174f6e e-con e-atomic-element e-flexbox-base e-2174f6e-80f5977 \" data-id=\"2174f6e\" data-element_type=\"e-flexbox\" data-e-type=\"e-flexbox\" data-interaction-id=\"2174f6e\" data-e-type=\"e-flexbox\" data-id=\"2174f6e\">\n    \n<\/div>\n<div class=\"elementor-element elementor-element-5daf011 e-con e-atomic-element e-flexbox-base e-5daf011-43e443b \" data-id=\"5daf011\" data-element_type=\"e-flexbox\" data-e-type=\"e-flexbox\" data-interaction-id=\"5daf011\" data-e-type=\"e-flexbox\" data-id=\"5daf011\">\n    \t\t<div class=\"elementor-element elementor-element-85826f7 elementor-invisible elementor-widget elementor-widget-image-box\" data-id=\"85826f7\" data-element_type=\"widget\" data-e-type=\"widget\" data-settings=\"{&quot;_animation&quot;:&quot;fadeInLeft&quot;}\" data-widget_type=\"image-box.default\">\n\t\t\t\t\t<div class=\"elementor-image-box-wrapper\"><div class=\"elementor-image-box-content\"><h4 class=\"elementor-image-box-title\"> MARGA FORTEZA<\/h4><p class=\"elementor-image-box-description\"><i>Activa i inquieta, sempre m'ha agradat l'activitat f\u00edsica. Des de ben petita, la meva passi\u00f3 pel b\u00e0squet em va fer formar part d'un equip infantil i despr\u00e9s juvenil durant anys. <\/i>\n <br><br>Sense abandonar del tot el b\u00e0squet, conec el m\u00e8tode pilates fa ja m\u00e9s de 10 anys i l'introdueixo en la meva rutina setmanal d'activitat f\u00edsica. Durant la meva etapa com a mare de dos fills, si cap encara el practico m\u00e9s. Gr\u00e0cies als beneficis que m'aporta f\u00edsica i mentalment, decideixo formar-me com a<b> instructora de pilates terra i pilates aeri<\/b> a \u00abPilates 10 Academy\u00bb, Barcelona.  \n  <br><br>El centre Alicia Pilates em brinda l'oportunitat d'impartir les meves primeres classes com a professora titulada, on a m\u00e9s de gaudir donant les classes m'inspiro a continuar amb la meva formaci\u00f3 completa en Pilates.\n<\/p><\/div><\/div>\t\t\t\t<\/div>\n\t\t\n<\/div>\n\n<\/div>\n<div class=\"elementor-element elementor-element-0daf1cf e-con e-atomic-element e-flexbox-base e-0daf1cf-4c23629 \" data-id=\"0daf1cf\" data-element_type=\"e-flexbox\" data-e-type=\"e-flexbox\" data-interaction-id=\"0daf1cf\" data-e-type=\"e-flexbox\" data-id=\"0daf1cf\">\n    <div class=\"elementor-element elementor-element-95fe944 e-con e-atomic-element e-flexbox-base e-95fe944-7f99b91 \" data-id=\"95fe944\" data-element_type=\"e-flexbox\" data-e-type=\"e-flexbox\" data-interaction-id=\"95fe944\" data-e-type=\"e-flexbox\" data-id=\"95fe944\">\n    \n<\/div>\n<div class=\"elementor-element elementor-element-92cf6a3 e-con e-atomic-element e-flexbox-base e-92cf6a3-eaebc4f \" data-id=\"92cf6a3\" data-element_type=\"e-flexbox\" data-e-type=\"e-flexbox\" data-interaction-id=\"92cf6a3\" data-e-type=\"e-flexbox\" data-id=\"92cf6a3\">\n    \t\t<div class=\"elementor-element elementor-element-fc805a1 elementor-invisible elementor-widget elementor-widget-image-box\" data-id=\"fc805a1\" data-element_type=\"widget\" data-e-type=\"widget\" data-settings=\"{&quot;_animation&quot;:&quot;fadeInLeft&quot;}\" data-widget_type=\"image-box.default\">\n\t\t\t\t\t<div class=\"elementor-image-box-wrapper\"><div class=\"elementor-image-box-content\"><h4 class=\"elementor-image-box-title\">SUSANA MAR\u00cd<\/h4><p class=\"elementor-image-box-description\">Fa uns deu anys, arran d'una lesi\u00f3 de genoll, em vaig veure obligada a aturar tota activitat f\u00edsica intensa. Va ser llavors quan vaig fer les meves primeres classes de ioga i vaig descobrir els seus beneficis. Es va despertar en mi la curiositat per la meditaci\u00f3 i tot el coneixement que l'envoltava, aix\u00ed que vaig comen\u00e7ar a assistir als meus primers cursos de <b>Meditaci\u00f3 i Mindfulness.<\/b>\n <br>Soc infermera i fisioterapeuta de professi\u00f3 i vaig decidir formar-me com a professora de ioga fa 3 anys. <b>Estic certificada en HATHA IOGA i VINYASA per l'escola \u00abPreciados\u00bb, Madrid. <\/b><br><br>Sempre en formaci\u00f3 cont\u00ednua i inquieta per con\u00e8ixer m\u00e9s sobre aquesta disciplina, actualment participo en el <b>M\u00e0ster 108 de Vinyasa Ioga impartit per l'escola \u00abYoga\u00bb.<\/b>\n<br><br><i>Des que vaig descobrir el Ioga ha passat a ser no \u00fanicament la meva passi\u00f3, sin\u00f3 tamb\u00e9 la meva disciplina i filosofia de vida.<\/i>\n<\/p><\/div><\/div>\t\t\t\t<\/div>\n\t\t\n<\/div>\n\n<\/div>\n<div class=\"elementor-element elementor-element-3b02296 e-con e-atomic-element e-flexbox-base e-3b02296-3bd3db7 \" data-id=\"3b02296\" data-element_type=\"e-flexbox\" data-e-type=\"e-flexbox\" data-interaction-id=\"3b02296\" data-e-type=\"e-flexbox\" data-id=\"3b02296\">\n    <div class=\"elementor-element elementor-element-41b5f2b e-con e-atomic-element e-flexbox-base e-41b5f2b-709bc2f e-41b5f2b-709bc2f \" data-id=\"41b5f2b\" data-element_type=\"e-flexbox\" data-e-type=\"e-flexbox\" data-interaction-id=\"41b5f2b\" data-e-type=\"e-flexbox\" data-id=\"41b5f2b\">\n    \n<\/div>\n<div class=\"elementor-element elementor-element-72f9b73 e-con e-atomic-element e-flexbox-base e-72f9b73-9ae058f \" data-id=\"72f9b73\" data-element_type=\"e-flexbox\" data-e-type=\"e-flexbox\" data-interaction-id=\"72f9b73\" data-e-type=\"e-flexbox\" data-id=\"72f9b73\">\n    \t\t<div class=\"elementor-element elementor-element-77d249b elementor-invisible elementor-widget elementor-widget-image-box\" data-id=\"77d249b\" data-element_type=\"widget\" data-e-type=\"widget\" data-settings=\"{&quot;_animation&quot;:&quot;fadeInLeft&quot;}\" data-widget_type=\"image-box.default\">\n\t\t\t\t\t<div class=\"elementor-image-box-wrapper\"><div class=\"elementor-image-box-content\"><h4 class=\"elementor-image-box-title\">CRISTINA SIMONET<\/h4><p class=\"elementor-image-box-description\"><i>Mestra d'infantil amb m\u00e9s de 20 anys de doc\u00e8ncia.<\/i><br><br>Encara que de nena vaig provar diferents disciplines esportives, l'esport mai no va ser un pilar a la meva vida, per\u00f2 fa anys vaig entendre que l'exercici f\u00edsic \u00e9s fonamental per mantenir &nbsp;el cos i la ment sans.<br><br>Mai no \u00e9s tard per comen\u00e7ar a fer esport, jo vaig comen\u00e7ar amb llargues caminades fins que aquestes es van convertir en trotades i, amb ganes i esfor\u00e7, vaig comen\u00e7ar a c\u00f3rrer. Avui soc corredora de trail, federada en muntanya i pertanyo al club local Sa Milana. He participat en moltes curses tant a les nostres illes com en altres llocs, Pirineus, Navarra, Cant\u00e0bria... C\u00f3rrer en muntanya implica tenir fons i for\u00e7a, tant per fer l'activitat com per prevenir lesions; \u00e9s de summa import\u00e0ncia fer entrenaments de for\u00e7a, propiocepci\u00f3 i coordinaci\u00f3.  <br><br>En el meu dia a dia combino diverses modalitats d'entrenament: <b>pilates, hyrox, entrenaments funcionals<\/b>... &nbsp;Aquesta passi\u00f3 m'ha portat a&nbsp; formar-me com a entrenadora i estic encantada de poder compartir els meus coneixements te\u00f2rics i pr\u00e0ctics a les meves classes d'entrenament funcional.<\/p><\/div><\/div>\t\t\t\t<\/div>\n\t\t\n<\/div>\n\n<\/div>\n<div class=\"elementor-element elementor-element-db223bb e-con e-atomic-element e-flexbox-base e-db223bb-735304b \" data-id=\"db223bb\" data-element_type=\"e-flexbox\" data-e-type=\"e-flexbox\" data-interaction-id=\"db223bb\" data-e-type=\"e-flexbox\" data-id=\"db223bb\">\n    <div class=\"elementor-element elementor-element-304addd e-con e-atomic-element e-flexbox-base e-304addd-04f9c8d e-304addd-04f9c8d \" data-id=\"304addd\" data-element_type=\"e-flexbox\" data-e-type=\"e-flexbox\" data-interaction-id=\"304addd\" data-e-type=\"e-flexbox\" data-id=\"304addd\">\n    \n<\/div>\n<div class=\"elementor-element elementor-element-35f02bb e-con e-atomic-element e-flexbox-base e-35f02bb-067240e \" data-id=\"35f02bb\" data-element_type=\"e-flexbox\" data-e-type=\"e-flexbox\" data-interaction-id=\"35f02bb\" data-e-type=\"e-flexbox\" data-id=\"35f02bb\">\n    \t\t<div class=\"elementor-element elementor-element-f2880e6 elementor-invisible elementor-widget elementor-widget-image-box\" data-id=\"f2880e6\" data-element_type=\"widget\" data-e-type=\"widget\" data-settings=\"{&quot;_animation&quot;:&quot;fadeInLeft&quot;}\" data-widget_type=\"image-box.default\">\n\t\t\t\t\t<div class=\"elementor-image-box-wrapper\"><div class=\"elementor-image-box-content\"><h4 class=\"elementor-image-box-title\">AINA OZCARIZ <\/h4><p class=\"elementor-image-box-description\">Durant m\u00e9s de vint anys vaig treballar al departament d'administraci\u00f3 d'un centre escolar. Dedicada no nom\u00e9s a l'administraci\u00f3, sin\u00f3 tamb\u00e9 a la gesti\u00f3 del personal i l'alumnat del centre, em vaig convertir en una persona diligent, social i emp\u00e0tica. \n<br><br>En traslladar-me de Barcelona a Alar\u00f3, vaig deixar enrere aquesta faceta laboral per dedicar-me a la de mare. Vaig comen\u00e7ar a practicar pilates fa anys i vaig comprovar els seus beneficis f\u00edsics. \n\nAra, amb el pas del temps, torno a retrobar la meva faceta de <b>gesti\u00f3 administrativa <\/b>formant part de l'equip d'\u00abAlicia Pilates\u00bb; hi soc per donar-vos tota la informaci\u00f3 que necessiteu i resoldre els dubtes que pugueu tenir.\n\n<\/p><\/div><\/div>\t\t\t\t<\/div>\n\t\t\n<\/div>\n\n<\/div>\n<div class=\"elementor-element elementor-element-e4e8c24 e-flex e-con-boxed e-con e-parent\" data-id=\"e4e8c24\" data-element_type=\"container\" data-e-type=\"container\" data-settings=\"{&quot;background_background&quot;:&quot;classic&quot;}\">\n\t\t\t\t\t<div class=\"e-con-inner\">\n\t\t<div class=\"elementor-element elementor-element-3b96068 e-flex e-con-boxed e-con e-child\" data-id=\"3b96068\" data-element_type=\"container\" data-e-type=\"container\">\n\t\t\t\t\t<div class=\"e-con-inner\">\n\t\t\t\t<div class=\"elementor-element elementor-element-a3ff909 elementor-invisible elementor-widget elementor-widget-heading\" data-id=\"a3ff909\" data-element_type=\"widget\" data-e-type=\"widget\" data-settings=\"{&quot;_animation&quot;:&quot;fadeIn&quot;}\" data-widget_type=\"heading.default\">\n\t\t\t\t\t<h3 class=\"elementor-heading-title elementor-size-default\">La nostra manera de fer les coses<\/h3>\t\t\t\t<\/div>\n\t\t\t\t<div class=\"elementor-element elementor-element-0513e0d elementor-widget elementor-widget-text-editor\" data-id=\"0513e0d\" data-element_type=\"widget\" data-e-type=\"widget\" data-widget_type=\"text-editor.default\">\n\t\t\t\t\t\t\t\t\t<p><strong>Menys postureig, m\u00e9s postura.<\/strong><\/p><p>Quan dius que no pots, et proposem que ho intentis. Quan fa setmanes que no apareixes, et trobem molt a faltar. <\/p><p>I quan per fi aconsegueixes aquell exercici que et costava, ho celebrem com si fos una final ol\u00edmpica.<\/p><p><strong>Perqu\u00e8 a Alicia Pilates, una petita progressi\u00f3 \u00e9s una vict\u00f2ria gegant.<\/strong><\/p>\t\t\t\t\t\t\t\t<\/div>\n\t\t\t\t\t<\/div>\n\t\t\t\t<\/div>\n\t\t\t\t\t<\/div>\n\t\t\t\t<\/div>\n\t\t\t\t<\/div>\n\t\t","protected":false},"excerpt":{"rendered":"<p>M\u00e9s de 20 anys. El mateix amor \/ la mateixa passi\u00f3 per all\u00f2 que fem. Alicia Pilates va n\u00e9ixer a Alar\u00f3 fa m\u00e9s de dues d\u00e8cades, quan Alicia G\u00f3mez va decidir ensenyar Pilates tal com l&#8217;havia apr\u00e8s: amb rigor t\u00e8cnic, sense dreceres i amb molt de carinyo. El que va comen\u00e7ar sent un petit estudi [&hellip;]<\/p>\n","protected":false},"author":1,"featured_media":0,"parent":0,"menu_order":0,"comment_status":"closed","ping_status":"closed","template":"","meta":{"footnotes":""},"class_list":["post-3728","page","type-page","status-publish","hentry"],"yoast_head":"<!-- This site is optimized with the Yoast SEO plugin v28.4 - https:\/\/yoast.com\/product\/yoast-seo-wordpress\/ -->\n<title>SOBRE NOSALTRES - Alicia Pilates<\/title>\n<meta name=\"robots\" content=\"index, follow, max-snippet:-1, max-image-preview:large, max-video-preview:-1\" \/>\n<link rel=\"canonical\" href=\"https:\/\/aliciapilates.com\/ca\/sobre-nosaltres\/\" \/>\n<meta property=\"og:locale\" content=\"ca_ES\" \/>\n<meta property=\"og:type\" content=\"article\" \/>\n<meta property=\"og:title\" content=\"SOBRE NOSALTRES - Alicia Pilates\" \/>\n<meta property=\"og:description\" content=\"M\u00e9s de 20 anys. El mateix amor \/ la mateixa passi\u00f3 per all\u00f2 que fem. Alicia Pilates va n\u00e9ixer a Alar\u00f3 fa m\u00e9s de dues d\u00e8cades, quan Alicia G\u00f3mez va decidir ensenyar Pilates tal com l&#8217;havia apr\u00e8s: amb rigor t\u00e8cnic, sense dreceres i amb molt de carinyo. El que va comen\u00e7ar sent un petit estudi [&hellip;]\" \/>\n<meta property=\"og:url\" content=\"https:\/\/aliciapilates.com\/ca\/sobre-nosaltres\/\" \/>\n<meta property=\"og:site_name\" content=\"Alicia Pilates\" \/>\n<meta property=\"article:publisher\" content=\"https:\/\/www.facebook.com\/aliciapilatesalaro\/\" \/>\n<meta property=\"article:modified_time\" content=\"2026-09-02T18:51:15+00:00\" \/>\n<meta property=\"og:image\" content=\"https:\/\/aliciapilates.com\/wp-content\/uploads\/2026\/05\/VB352B1343.jpg\" \/>\n\t<meta property=\"og:image:width\" content=\"1067\" \/>\n\t<meta property=\"og:image:height\" content=\"1600\" \/>\n\t<meta property=\"og:image:type\" content=\"image\/jpeg\" \/>\n<meta name=\"twitter:card\" content=\"summary_large_image\" \/>\n<meta name=\"twitter:label1\" content=\"Temps estimat de lectura\" \/>\n\t<meta name=\"twitter:data1\" content=\"9 minuts\" \/>\n<script type=\"application\/ld+json\" class=\"yoast-schema-graph\">{\"@context\":\"https:\\\/\\\/schema.org\",\"@graph\":[{\"@type\":\"WebPage\",\"@id\":\"https:\\\/\\\/aliciapilates.com\\\/ca\\\/sobre-nosaltres\\\/\",\"url\":\"https:\\\/\\\/aliciapilates.com\\\/ca\\\/sobre-nosaltres\\\/\",\"name\":\"SOBRE NOSALTRES - Alicia Pilates\",\"isPartOf\":{\"@id\":\"https:\\\/\\\/aliciapilates.com\\\/ca\\\/#website\"},\"primaryImageOfPage\":{\"@id\":\"https:\\\/\\\/aliciapilates.com\\\/ca\\\/sobre-nosaltres\\\/#primaryimage\"},\"image\":{\"@id\":\"https:\\\/\\\/aliciapilates.com\\\/ca\\\/sobre-nosaltres\\\/#primaryimage\"},\"thumbnailUrl\":\"https:\\\/\\\/aliciapilates.com\\\/wp-content\\\/uploads\\\/2026\\\/05\\\/VB352B1343-683x1024.jpg\",\"datePublished\":\"2026-05-29T06:04:11+00:00\",\"dateModified\":\"2026-09-02T18:51:15+00:00\",\"breadcrumb\":{\"@id\":\"https:\\\/\\\/aliciapilates.com\\\/ca\\\/sobre-nosaltres\\\/#breadcrumb\"},\"inLanguage\":\"ca\",\"potentialAction\":[{\"@type\":\"ReadAction\",\"target\":[\"https:\\\/\\\/aliciapilates.com\\\/ca\\\/sobre-nosaltres\\\/\"]}]},{\"@type\":\"ImageObject\",\"inLanguage\":\"ca\",\"@id\":\"https:\\\/\\\/aliciapilates.com\\\/ca\\\/sobre-nosaltres\\\/#primaryimage\",\"url\":\"https:\\\/\\\/aliciapilates.com\\\/wp-content\\\/uploads\\\/2026\\\/05\\\/VB352B1343-683x1024.jpg\",\"contentUrl\":\"https:\\\/\\\/aliciapilates.com\\\/wp-content\\\/uploads\\\/2026\\\/05\\\/VB352B1343-683x1024.jpg\"},{\"@type\":\"BreadcrumbList\",\"@id\":\"https:\\\/\\\/aliciapilates.com\\\/ca\\\/sobre-nosaltres\\\/#breadcrumb\",\"itemListElement\":[{\"@type\":\"ListItem\",\"position\":1,\"name\":\"Portada\",\"item\":\"https:\\\/\\\/aliciapilates.com\\\/ca\\\/inici\\\/\"},{\"@type\":\"ListItem\",\"position\":2,\"name\":\"SOBRE NOSALTRES\"}]},{\"@type\":\"WebSite\",\"@id\":\"https:\\\/\\\/aliciapilates.com\\\/ca\\\/#website\",\"url\":\"https:\\\/\\\/aliciapilates.com\\\/ca\\\/\",\"name\":\"Alicia Pilates\",\"description\":\"Centro especializado en Pilates Reformer y Suelo en Alar\u00f3, Mallorca. Llevamos m\u00e1s de 20 a\u00f1os ayudando a personas a moverse mejor, sentirse m\u00e1s fuertes y cuidarse de verdad.\",\"publisher\":{\"@id\":\"https:\\\/\\\/aliciapilates.com\\\/ca\\\/#organization\"},\"potentialAction\":[{\"@type\":\"SearchAction\",\"target\":{\"@type\":\"EntryPoint\",\"urlTemplate\":\"https:\\\/\\\/aliciapilates.com\\\/ca\\\/?s={search_term_string}\"},\"query-input\":{\"@type\":\"PropertyValueSpecification\",\"valueRequired\":true,\"valueName\":\"search_term_string\"}}],\"inLanguage\":\"ca\"},{\"@type\":\"Organization\",\"@id\":\"https:\\\/\\\/aliciapilates.com\\\/ca\\\/#organization\",\"name\":\"Alicia Pilates\",\"url\":\"https:\\\/\\\/aliciapilates.com\\\/ca\\\/\",\"logo\":{\"@type\":\"ImageObject\",\"inLanguage\":\"ca\",\"@id\":\"https:\\\/\\\/aliciapilates.com\\\/ca\\\/#\\\/schema\\\/logo\\\/image\\\/\",\"url\":\"https:\\\/\\\/aliciapilates.com\\\/wp-content\\\/uploads\\\/2026\\\/06\\\/cropped-logo-ALICIA-PILATES_horiz_azul-Recuperado-2.png\",\"contentUrl\":\"https:\\\/\\\/aliciapilates.com\\\/wp-content\\\/uploads\\\/2026\\\/06\\\/cropped-logo-ALICIA-PILATES_horiz_azul-Recuperado-2.png\",\"width\":625,\"height\":107,\"caption\":\"Alicia Pilates\"},\"image\":{\"@id\":\"https:\\\/\\\/aliciapilates.com\\\/ca\\\/#\\\/schema\\\/logo\\\/image\\\/\"},\"sameAs\":[\"https:\\\/\\\/www.facebook.com\\\/aliciapilatesalaro\\\/\",\"https:\\\/\\\/www.instagram.com\\\/aliciapilates.alaro\\\/\"]}]}<\/script>\n<!-- \/ Yoast SEO plugin. -->","yoast_head_json":{"title":"SOBRE NOSALTRES - Alicia Pilates","robots":{"index":"index","follow":"follow","max-snippet":"max-snippet:-1","max-image-preview":"max-image-preview:large","max-video-preview":"max-video-preview:-1"},"canonical":"https:\/\/aliciapilates.com\/ca\/sobre-nosaltres\/","og_locale":"ca_ES","og_type":"article","og_title":"SOBRE NOSALTRES - Alicia Pilates","og_description":"M\u00e9s de 20 anys. El mateix amor \/ la mateixa passi\u00f3 per all\u00f2 que fem. Alicia Pilates va n\u00e9ixer a Alar\u00f3 fa m\u00e9s de dues d\u00e8cades, quan Alicia G\u00f3mez va decidir ensenyar Pilates tal com l&#8217;havia apr\u00e8s: amb rigor t\u00e8cnic, sense dreceres i amb molt de carinyo. El que va comen\u00e7ar sent un petit estudi [&hellip;]","og_url":"https:\/\/aliciapilates.com\/ca\/sobre-nosaltres\/","og_site_name":"Alicia Pilates","article_publisher":"https:\/\/www.facebook.com\/aliciapilatesalaro\/","article_modified_time":"2026-09-02T18:51:15+00:00","og_image":[{"width":1067,"height":1600,"url":"https:\/\/aliciapilates.com\/wp-content\/uploads\/2026\/05\/VB352B1343.jpg","type":"image\/jpeg"}],"twitter_card":"summary_large_image","twitter_misc":{"Temps estimat de lectura":"9 minuts"},"schema":{"@context":"https:\/\/schema.org","@graph":[{"@type":"WebPage","@id":"https:\/\/aliciapilates.com\/ca\/sobre-nosaltres\/","url":"https:\/\/aliciapilates.com\/ca\/sobre-nosaltres\/","name":"SOBRE NOSALTRES - Alicia Pilates","isPartOf":{"@id":"https:\/\/aliciapilates.com\/ca\/#website"},"primaryImageOfPage":{"@id":"https:\/\/aliciapilates.com\/ca\/sobre-nosaltres\/#primaryimage"},"image":{"@id":"https:\/\/aliciapilates.com\/ca\/sobre-nosaltres\/#primaryimage"},"thumbnailUrl":"https:\/\/aliciapilates.com\/wp-content\/uploads\/2026\/05\/VB352B1343-683x1024.jpg","datePublished":"2026-05-29T06:04:11+00:00","dateModified":"2026-09-02T18:51:15+00:00","breadcrumb":{"@id":"https:\/\/aliciapilates.com\/ca\/sobre-nosaltres\/#breadcrumb"},"inLanguage":"ca","potentialAction":[{"@type":"ReadAction","target":["https:\/\/aliciapilates.com\/ca\/sobre-nosaltres\/"]}]},{"@type":"ImageObject","inLanguage":"ca","@id":"https:\/\/aliciapilates.com\/ca\/sobre-nosaltres\/#primaryimage","url":"https:\/\/aliciapilates.com\/wp-content\/uploads\/2026\/05\/VB352B1343-683x1024.jpg","contentUrl":"https:\/\/aliciapilates.com\/wp-content\/uploads\/2026\/05\/VB352B1343-683x1024.jpg"},{"@type":"BreadcrumbList","@id":"https:\/\/aliciapilates.com\/ca\/sobre-nosaltres\/#breadcrumb","itemListElement":[{"@type":"ListItem","position":1,"name":"Portada","item":"https:\/\/aliciapilates.com\/ca\/inici\/"},{"@type":"ListItem","position":2,"name":"SOBRE NOSALTRES"}]},{"@type":"WebSite","@id":"https:\/\/aliciapilates.com\/ca\/#website","url":"https:\/\/aliciapilates.com\/ca\/","name":"Alicia Pilates","description":"Centro especializado en Pilates Reformer y Suelo en Alar\u00f3, Mallorca. Llevamos m\u00e1s de 20 a\u00f1os ayudando a personas a moverse mejor, sentirse m\u00e1s fuertes y cuidarse de verdad.","publisher":{"@id":"https:\/\/aliciapilates.com\/ca\/#organization"},"potentialAction":[{"@type":"SearchAction","target":{"@type":"EntryPoint","urlTemplate":"https:\/\/aliciapilates.com\/ca\/?s={search_term_string}"},"query-input":{"@type":"PropertyValueSpecification","valueRequired":true,"valueName":"search_term_string"}}],"inLanguage":"ca"},{"@type":"Organization","@id":"https:\/\/aliciapilates.com\/ca\/#organization","name":"Alicia Pilates","url":"https:\/\/aliciapilates.com\/ca\/","logo":{"@type":"ImageObject","inLanguage":"ca","@id":"https:\/\/aliciapilates.com\/ca\/#\/schema\/logo\/image\/","url":"https:\/\/aliciapilates.com\/wp-content\/uploads\/2026\/06\/cropped-logo-ALICIA-PILATES_horiz_azul-Recuperado-2.png","contentUrl":"https:\/\/aliciapilates.com\/wp-content\/uploads\/2026\/06\/cropped-logo-ALICIA-PILATES_horiz_azul-Recuperado-2.png","width":625,"height":107,"caption":"Alicia Pilates"},"image":{"@id":"https:\/\/aliciapilates.com\/ca\/#\/schema\/logo\/image\/"},"sameAs":["https:\/\/www.facebook.com\/aliciapilatesalaro\/","https:\/\/www.instagram.com\/aliciapilates.alaro\/"]}]}},"_links":{"self":[{"href":"https:\/\/aliciapilates.com\/ca\/wp-json\/wp\/v2\/pages\/3728","targetHints":{"allow":["GET"]}}],"collection":[{"href":"https:\/\/aliciapilates.com\/ca\/wp-json\/wp\/v2\/pages"}],"about":[{"href":"https:\/\/aliciapilates.com\/ca\/wp-json\/wp\/v2\/types\/page"}],"author":[{"embeddable":true,"href":"https:\/\/aliciapilates.com\/ca\/wp-json\/wp\/v2\/users\/1"}],"replies":[{"embeddable":true,"href":"https:\/\/aliciapilates.com\/ca\/wp-json\/wp\/v2\/comments?post=3728"}],"version-history":[{"count":17,"href":"https:\/\/aliciapilates.com\/ca\/wp-json\/wp\/v2\/pages\/3728\/revisions"}],"predecessor-version":[{"id":3787,"href":"https:\/\/aliciapilates.com\/ca\/wp-json\/wp\/v2\/pages\/3728\/revisions\/3787"}],"wp:attachment":[{"href":"https:\/\/aliciapilates.com\/ca\/wp-json\/wp\/v2\/media?parent=3728"}],"curies":[{"name":"wp","href":"https:\/\/api.w.org\/{rel}","templated":true}]}}